{"id":15487,"date":"2022-10-17T12:21:44","date_gmt":"2022-10-17T12:21:44","guid":{"rendered":"https:\/\/www.hiil.org\/burkina-faso\/"},"modified":"2026-04-07T13:30:27","modified_gmt":"2026-04-07T11:30:27","slug":"burkina-faso","status":"publish","type":"page","link":"https:\/\/www.hiil.org\/fr\/nos-programmes\/burkina-faso\/","title":{"rendered":"Burkina Faso"},"content":{"rendered":"\t\t<div data-elementor-type=\"wp-page\" data-elementor-id=\"15487\" class=\"elementor elementor-15487 elementor-14731\" data-elementor-post-type=\"page\">\n\t\t\t\t\t\t<section class=\"elementor-section elementor-top-section elementor-element elementor-element-1b32fe33 elementor-section-boxed elementor-section-height-default elementor-section-height-default\" data-id=\"1b32fe33\" data-element_type=\"section\" data-e-type=\"section\">\n\t\t\t\t\t\t<div class=\"elementor-container elementor-column-gap-default\">\n\t\t\t\t\t<div class=\"elementor-column elementor-col-100 elementor-top-column elementor-element elementor-element-6ab1dbda\" data-id=\"6ab1dbda\" data-element_type=\"column\" data-e-type=\"column\">\n\t\t\t<div class=\"elementor-widget-wrap elementor-element-populated\">\n\t\t\t\t\t\t<div class=\"elementor-element elementor-element-19226c33 elementor-widget elementor-widget-spacer\" data-id=\"19226c33\" data-element_type=\"widget\" data-e-type=\"widget\" data-widget_type=\"spacer.default\">\n\t\t\t\t<div class=\"elementor-widget-container\">\n\t\t\t\t\t\t\t<div class=\"elementor-spacer\">\n\t\t\t<div class=\"elementor-spacer-inner\"><\/div>\n\t\t<\/div>\n\t\t\t\t\t\t<\/div>\n\t\t\t\t<\/div>\n\t\t\t\t\t<\/div>\n\t\t<\/div>\n\t\t\t\t\t<\/div>\n\t\t<\/section>\n\t\t\t\t<section class=\"elementor-section elementor-top-section elementor-element elementor-element-161c4f10 elementor-section-full_width elementor-section-height-min-height elementor-section-items-stretch elementor-section-content-top elementor-section-stretched elementor-section-height-default\" data-id=\"161c4f10\" data-element_type=\"section\" data-e-type=\"section\" data-settings=\"{&quot;stretch_section&quot;:&quot;section-stretched&quot;}\">\n\t\t\t\t\t\t<div class=\"elementor-container elementor-column-gap-no\">\n\t\t\t\t\t<div class=\"elementor-column elementor-col-50 elementor-top-column elementor-element elementor-element-5b4588e4\" data-id=\"5b4588e4\" data-element_type=\"column\" data-e-type=\"column\" data-settings=\"{&quot;background_background&quot;:&quot;classic&quot;}\">\n\t\t\t<div class=\"elementor-widget-wrap elementor-element-populated\">\n\t\t\t\t\t<div class=\"elementor-background-overlay\"><\/div>\n\t\t\t\t\t\t<div class=\"elementor-element elementor-element-3484b638 elementor-widget elementor-widget-spacer\" data-id=\"3484b638\" data-element_type=\"widget\" data-e-type=\"widget\" data-widget_type=\"spacer.default\">\n\t\t\t\t<div class=\"elementor-widget-container\">\n\t\t\t\t\t\t\t<div class=\"elementor-spacer\">\n\t\t\t<div class=\"elementor-spacer-inner\"><\/div>\n\t\t<\/div>\n\t\t\t\t\t\t<\/div>\n\t\t\t\t<\/div>\n\t\t\t\t\t<\/div>\n\t\t<\/div>\n\t\t\t\t<div class=\"elementor-column elementor-col-50 elementor-top-column elementor-element elementor-element-6c59c589\" data-id=\"6c59c589\" data-element_type=\"column\" data-e-type=\"column\" data-settings=\"{&quot;background_background&quot;:&quot;classic&quot;}\">\n\t\t\t<div class=\"elementor-widget-wrap elementor-element-populated\">\n\t\t\t\t\t\t<div class=\"elementor-element elementor-element-43337280 elementor-widget elementor-widget-heading\" data-id=\"43337280\" data-element_type=\"widget\" data-e-type=\"widget\" data-widget_type=\"heading.default\">\n\t\t\t\t<div class=\"elementor-widget-container\">\n\t\t\t\t\t<h1 class=\"elementor-heading-title elementor-size-default\">Burkina Faso<\/h1>\t\t\t\t<\/div>\n\t\t\t\t<\/div>\n\t\t\t\t<div class=\"elementor-element elementor-element-be57f3 elementor-widget elementor-widget-text-editor\" data-id=\"be57f3\" data-element_type=\"widget\" data-e-type=\"widget\" data-widget_type=\"text-editor.default\">\n\t\t\t\t<div class=\"elementor-widget-container\">\n\t\t\t\t\t\t\t\t\t<p><span style=\"font-weight: 400;\">HiiL travaille avec le gouvernement et les partenaires de la soci\u00e9t\u00e9 civile au Burkina Faso pour renforcer l&rsquo;acc\u00e8s \u00e0 la justice. Malgr\u00e9 une pause temporaire en 2022 en raison de l&rsquo;instabilit\u00e9 politique, les activit\u00e9s ont repris fin 2023, soulignant notre engagement continu \u00e0 am\u00e9liorer l&rsquo;administration de la justice dans les contextes fragiles. <\/span><\/p><p><span style=\"font-weight: 400;\">Notre approche du partenariat au Burkina Faso est bas\u00e9e sur une logique de responsabilit\u00e9 partag\u00e9e, o\u00f9 chaque acteur, en particulier les organisations de la soci\u00e9t\u00e9 civile, est activement et \u00e9quitablement impliqu\u00e9 dans la co-cr\u00e9ation de solutions durables. En int\u00e9grant syst\u00e9matiquement le transfert de connaissances et la durabilit\u00e9 dans nos domaines d&rsquo;intervention, nous visons \u00e0 renforcer l&rsquo;autonomie locale sur le long terme. Cette approche nous a permis de construire un r\u00e9seau riche, diversifi\u00e9 et durable de partenaires engag\u00e9s en faveur d&rsquo;un acc\u00e8s \u00e0 la justice plus inclusif et innovant.  <\/span><span style=\"font-weight: 400;\"><br><\/span><\/p>\t\t\t\t\t\t\t\t<\/div>\n\t\t\t\t<\/div>\n\t\t\t\t<div class=\"elementor-element elementor-element-773cc530 elementor-widget elementor-widget-spacer\" data-id=\"773cc530\" data-element_type=\"widget\" data-e-type=\"widget\" data-widget_type=\"spacer.default\">\n\t\t\t\t<div class=\"elementor-widget-container\">\n\t\t\t\t\t\t\t<div class=\"elementor-spacer\">\n\t\t\t<div class=\"elementor-spacer-inner\"><\/div>\n\t\t<\/div>\n\t\t\t\t\t\t<\/div>\n\t\t\t\t<\/div>\n\t\t\t\t\t<\/div>\n\t\t<\/div>\n\t\t\t\t\t<\/div>\n\t\t<\/section>\n\t\t\t\t<section class=\"elementor-section elementor-top-section elementor-element elementor-element-6f264f50 elementor-section-boxed elementor-section-height-default elementor-section-height-default\" data-id=\"6f264f50\" data-element_type=\"section\" data-e-type=\"section\" data-settings=\"{&quot;background_background&quot;:&quot;classic&quot;}\">\n\t\t\t\t\t\t<div class=\"elementor-container elementor-column-gap-no\">\n\t\t\t\t\t<div class=\"elementor-column elementor-col-100 elementor-top-column elementor-element elementor-element-71faf956\" data-id=\"71faf956\" data-element_type=\"column\" data-e-type=\"column\">\n\t\t\t<div class=\"elementor-widget-wrap elementor-element-populated\">\n\t\t\t\t\t\t<div class=\"elementor-element elementor-element-7a9e8602 elementor-widget elementor-widget-text-editor\" data-id=\"7a9e8602\" data-element_type=\"widget\" data-e-type=\"widget\" data-widget_type=\"text-editor.default\">\n\t\t\t\t<div class=\"elementor-widget-container\">\n\t\t\t\t\t\t\t\t\t<h3>Comprendre les besoins en mati\u00e8re de justice<\/h3><p><span style=\"font-weight: 400;\">Nous avons r\u00e9alis\u00e9 trois \u00e9tudes nationales sur les besoins en <span style=\"text-decoration: underline;\">justice<\/span> au Burkina Faso.<\/span><a href=\"https:\/\/www.hiil.org\/fr\/projets\/besoins-en-matiere-de-justice-au-burkina-faso\/\"><span style=\"font-weight: 400;\"><span style=\"text-decoration: underline;\">ustice au Burkina Faso<\/span>.<\/span><\/a><span style=\"font-weight: 400;\">  La plus r\u00e9cente, une enqu\u00eate \u00e9lectronique sur les besoins et la satisfaction en mati\u00e8re de justice men\u00e9e en 2024, a r\u00e9v\u00e9l\u00e9 une demande pressante pour une justice accessible et r\u00e9active. Seuls 4 % des demandeurs de justice s&rsquo;adressent aux tribunaux, 1 % consultent des avocats, tandis que 12 % s&rsquo;appuient sur les autorit\u00e9s coutumi\u00e8res et traditionnelles, une tendance importante \u00e0 la lumi\u00e8re de la r\u00e9vision constitutionnelle qui a commenc\u00e9 \u00e0 reconna\u00eetre formellement ces acteurs comme faisant partie du syst\u00e8me judiciaire.   <\/span><span style=\"font-weight: 400;\"><br><\/span><span style=\"font-weight: 400;\"><br><\/span><span style=\"font-weight: 400;\">En collaboration avec le HCR et Terre des Hommes Lausanne, nous avons \u00e9galement men\u00e9 une \u00e9tude sur les besoins en mati\u00e8re de justice, ax\u00e9e sur les personnes d\u00e9plac\u00e9es \u00e0 l&rsquo;int\u00e9rieur de leur pays et les communaut\u00e9s d&rsquo;accueil.<\/span><a href=\"https:\/\/www.hiil.org\/fr\/projets\/besoins-et-satisfaction-en-matiere-de-justice-des-deplaces-internes-et-des-communautes-daccueil-au-burkina-faso\/\"><span style=\"font-weight: 400;\"><span style=\"text-decoration: underline;\"> \u00e9tude sur les besoins en mati\u00e8re de justice, ax\u00e9e sur les personnes d\u00e9plac\u00e9es \u00e0 l&rsquo;int\u00e9rieur de leur pays et les communaut\u00e9s d&rsquo;accueil.<\/span><\/span><\/a><span style=\"font-weight: 400;\">. Bas\u00e9 sur plus de 2100 entretiens, ce travail a mis en \u00e9vidence le besoin urgent de services judiciaires accessibles dans des villes telles que Kaya et Ouahigouya, en particulier dans un contexte de d\u00e9t\u00e9rioration de la s\u00e9curit\u00e9 et des conditions humanitaires.<\/span><\/p><p> <\/p><h3><b>Approche strat\u00e9gique et appropriation locale<\/b><\/h3><p>Notre strat\u00e9gie pour le Burkina Faso a \u00e9t\u00e9 \u00e9labor\u00e9e en collaboration avec des partenaires nationaux, notamment des institutions gouvernementales, des acteurs de la soci\u00e9t\u00e9 civile et des chefs traditionnels. Le programme se concentre sur trois piliers : l&rsquo;int\u00e9gration de la justice coutumi\u00e8re dans les cadres juridiques nationaux, l&rsquo;\u00e9largissement de l&rsquo;acc\u00e8s \u00e0 la justice pour les populations vuln\u00e9rables et le renforcement du r\u00f4le des organisations de la soci\u00e9t\u00e9 civile dans l&rsquo;administration de la justice. Pour garantir l&rsquo;appropriation nationale et la prise en compte du contexte, nous avons r\u00e9uni un groupe consultatif compos\u00e9 de praticiens de la justice et d&rsquo;experts juridiques de haut niveau issus de tout le pays.  <\/p>\t\t\t\t\t\t\t\t<\/div>\n\t\t\t\t<\/div>\n\t\t\t\t\t<\/div>\n\t\t<\/div>\n\t\t\t\t\t<\/div>\n\t\t<\/section>\n\t\t\t\t<section class=\"elementor-section elementor-top-section elementor-element elementor-element-f83116f elementor-section-boxed elementor-section-height-default elementor-section-height-default\" data-id=\"f83116f\" data-element_type=\"section\" data-e-type=\"section\" data-settings=\"{&quot;background_background&quot;:&quot;classic&quot;}\">\n\t\t\t\t\t\t<div class=\"elementor-container elementor-column-gap-no\">\n\t\t\t\t\t<div class=\"elementor-column elementor-col-100 elementor-top-column elementor-element elementor-element-7ecef15\" data-id=\"7ecef15\" data-element_type=\"column\" data-e-type=\"column\">\n\t\t\t<div class=\"elementor-widget-wrap elementor-element-populated\">\n\t\t\t\t\t\t<div class=\"elementor-element elementor-element-e0ec67c elementor-widget elementor-widget-video\" data-id=\"e0ec67c\" data-element_type=\"widget\" data-e-type=\"widget\" id=\"youtube-video-container\" data-settings=\"{&quot;youtube_url&quot;:&quot;https:\\\/\\\/youtu.be\\\/_V1I-gyt4qg?feature=shared&quot;,&quot;yt_privacy&quot;:&quot;yes&quot;,&quot;video_type&quot;:&quot;youtube&quot;,&quot;controls&quot;:&quot;yes&quot;}\" data-widget_type=\"video.default\">\n\t\t\t\t<div class=\"elementor-widget-container\">\n\t\t\t\t\t\t\t<div class=\"elementor-wrapper elementor-open-inline\">\n\t\t\t<div class=\"elementor-video\"><\/div>\t\t<\/div>\n\t\t\t\t\t\t<\/div>\n\t\t\t\t<\/div>\n\t\t\t\t\t<\/div>\n\t\t<\/div>\n\t\t\t\t\t<\/div>\n\t\t<\/section>\n\t\t\t\t<section class=\"elementor-section elementor-top-section elementor-element elementor-element-c283483 elementor-section-boxed elementor-section-height-default elementor-section-height-default\" data-id=\"c283483\" data-element_type=\"section\" data-e-type=\"section\" id=\"video-consent-message\" data-settings=\"{&quot;background_background&quot;:&quot;classic&quot;}\">\n\t\t\t\t\t\t<div class=\"elementor-container elementor-column-gap-no\">\n\t\t\t\t\t<div class=\"elementor-column elementor-col-100 elementor-top-column elementor-element elementor-element-9493eee\" data-id=\"9493eee\" data-element_type=\"column\" data-e-type=\"column\" data-settings=\"{&quot;background_background&quot;:&quot;classic&quot;}\">\n\t\t\t<div class=\"elementor-widget-wrap elementor-element-populated\">\n\t\t\t\t\t\t<div class=\"elementor-element elementor-element-959a899 elementor-widget elementor-widget-heading\" data-id=\"959a899\" data-element_type=\"widget\" data-e-type=\"widget\" data-widget_type=\"heading.default\">\n\t\t\t\t<div class=\"elementor-widget-container\">\n\t\t\t\t\t<h4 class=\"elementor-heading-title elementor-size-default\">Ce contenu n\u00e9cessite votre consentement<\/h4>\t\t\t\t<\/div>\n\t\t\t\t<\/div>\n\t\t\t\t<div class=\"elementor-element elementor-element-921917b elementor-widget elementor-widget-text-editor\" data-id=\"921917b\" data-element_type=\"widget\" data-e-type=\"widget\" data-widget_type=\"text-editor.default\">\n\t\t\t\t<div class=\"elementor-widget-container\">\n\t\t\t\t\t\t\t\t\t<p>Pour visionner cette vid\u00e9o sur Youtube, vous devez autoriser les cookies \u00ab\u00a0fonctionnels\u00a0\u00bb.<\/p>\t\t\t\t\t\t\t\t<\/div>\n\t\t\t\t<\/div>\n\t\t\t\t<div class=\"elementor-element elementor-element-724c508 cky-banner-element elementor-widget elementor-widget-button\" data-id=\"724c508\" data-element_type=\"widget\" data-e-type=\"widget\" data-widget_type=\"button.default\">\n\t\t\t\t<div class=\"elementor-widget-container\">\n\t\t\t\t\t\t\t\t\t<div class=\"elementor-button-wrapper\">\n\t\t\t\t\t<a class=\"elementor-button elementor-button-link elementor-size-sm\" href=\"\" id=\"open-cookie-settings-btn\">\n\t\t\t\t\t\t<span class=\"elementor-button-content-wrapper\">\n\t\t\t\t\t\t\t\t\t<span class=\"elementor-button-text\">Mise \u00e0 jour des pr\u00e9f\u00e9rences en mati\u00e8re de cookies<\/span>\n\t\t\t\t\t<\/span>\n\t\t\t\t\t<\/a>\n\t\t\t\t<\/div>\n\t\t\t\t\t\t\t\t<\/div>\n\t\t\t\t<\/div>\n\t\t\t\t<div class=\"elementor-element elementor-element-c201656 elementor-widget elementor-widget-html\" data-id=\"c201656\" data-element_type=\"widget\" data-e-type=\"widget\" data-widget_type=\"html.default\">\n\t\t\t\t<div class=\"elementor-widget-container\">\n\t\t\t\t\t<script>document.addEventListener('DOMContentLoaded', function() {\n    \/\/ --- CONFIGURATION ---\n    const videoContainerId = 'youtube-video-container';\n    const messageContainerId = 'video-consent-message';\n    const openSettingsBtnId = 'open-cookie-settings-btn';\n    \/\/ --- END CONFIGURATION ---\n\n    const initializeConsentInteraction = () => {\n        const videoContainer = document.getElementById(videoContainerId);\n        const messageContainer = document.getElementById(messageContainerId);\n        const openSettingsBtn = document.getElementById(openSettingsBtnId);\n\n        if (!videoContainer || !messageContainer || !openSettingsBtn) {\n            console.warn('CookieYes Consent: One or more required elements not found. Check CSS IDs.');\n            return;\n        }\n\n        const checkConsentAndToggleVisibility = () => {\n            console.log('Running checkConsentAndToggleVisibility...');\n            if (typeof window.getCkyConsent === 'function') {\n                const currentConsent = window.getCkyConsent();\n                console.log('Current CookieYes consent object:', currentConsent);\n\n                \/\/ --- THE CRITICAL CORRECTION IS HERE ---\n                \/\/ We use 'advertisement' instead of 'marketing'\n                if (currentConsent && currentConsent.categories && currentConsent.categories.functional) {\n                    videoContainer.style.display = 'block';\n                    messageContainer.style.display = 'none';\n                    console.log('Advertisement consent is TRUE. Video visible.');\n                } else {\n                    videoContainer.style.display = 'none';\n                    messageContainer.style.display = 'block';\n                    console.log('Advertisement consent is FALSE. Message visible.');\n                }\n            } else {\n                console.warn('getCkyConsent() function not available during visibility check. CookieYes API might not be fully ready.');\n            }\n        };\n\n        openSettingsBtn.addEventListener('click', function(e) {\n            e.preventDefault();\n            console.log(\"Custom 'Update cookie preferences' button clicked.\");\n\n            if (typeof window.revisitCkyConsent === 'function') {\n                window.revisitCkyConsent();\n                console.log('revisitCkyConsent() called. Popup should appear.');\n            } else {\n                console.error('revisitCkyConsent() is not available.');\n            }\n        });\n\n        window.addEventListener('cookieyes_consent_update', function(event) {\n            console.log('cookieyes_consent_update event fired!', event.detail);\n            checkConsentAndToggleVisibility();\n        });\n        \n        checkConsentAndToggleVisibility();\n    };\n\n    const waitForCookieYesAPI = setInterval(function() {\n        if (typeof window.getCkyConsent === 'function' && typeof window.revisitCkyConsent === 'function') {\n            clearInterval(waitForCookieYesAPI);\n            console.log('CookieYes API functions (getCkyConsent, revisitCkyConsent) are ready.');\n            initializeConsentInteraction();\n        } else {\n            console.log('Waiting for CookieYes API functions...');\n        }\n    }, 100);\n});\n<\/script>\t\t\t\t<\/div>\n\t\t\t\t<\/div>\n\t\t\t\t\t<\/div>\n\t\t<\/div>\n\t\t\t\t\t<\/div>\n\t\t<\/section>\n\t\t\t\t<section class=\"elementor-section elementor-top-section elementor-element elementor-element-187d07eb elementor-section-full_width elementor-section-height-min-height elementor-section-items-stretch elementor-section-content-top elementor-section-stretched elementor-section-height-default\" data-id=\"187d07eb\" data-element_type=\"section\" data-e-type=\"section\" data-settings=\"{&quot;stretch_section&quot;:&quot;section-stretched&quot;}\">\n\t\t\t\t\t\t<div class=\"elementor-container elementor-column-gap-no\">\n\t\t\t\t\t<div class=\"elementor-column elementor-col-50 elementor-top-column elementor-element elementor-element-503155df\" data-id=\"503155df\" data-element_type=\"column\" data-e-type=\"column\" data-settings=\"{&quot;background_background&quot;:&quot;classic&quot;}\">\n\t\t\t<div class=\"elementor-widget-wrap elementor-element-populated\">\n\t\t\t\t\t\t<div class=\"elementor-element elementor-element-6b86a5b3 elementor-widget elementor-widget-heading\" data-id=\"6b86a5b3\" data-element_type=\"widget\" data-e-type=\"widget\" data-widget_type=\"heading.default\">\n\t\t\t\t<div class=\"elementor-widget-container\">\n\t\t\t\t\t<h3 class=\"elementor-heading-title elementor-size-default\">Faits marquants<\/h3>\t\t\t\t<\/div>\n\t\t\t\t<\/div>\n\t\t\t\t<section class=\"elementor-section elementor-inner-section elementor-element elementor-element-66e07c9c elementor-section-boxed elementor-section-height-default elementor-section-height-default\" data-id=\"66e07c9c\" data-element_type=\"section\" data-e-type=\"section\">\n\t\t\t\t\t\t<div class=\"elementor-container elementor-column-gap-wider\">\n\t\t\t\t\t<div class=\"elementor-column elementor-col-50 elementor-inner-column elementor-element elementor-element-7dc437f6\" data-id=\"7dc437f6\" data-element_type=\"column\" data-e-type=\"column\">\n\t\t\t<div class=\"elementor-widget-wrap elementor-element-populated\">\n\t\t\t\t\t\t<div class=\"elementor-element elementor-element-2dfc9440 elementor-position-inline-start elementor-mobile-position-inline-start elementor-view-default elementor-widget elementor-widget-icon-box\" data-id=\"2dfc9440\" data-element_type=\"widget\" data-e-type=\"widget\" data-widget_type=\"icon-box.default\">\n\t\t\t\t<div class=\"elementor-widget-container\">\n\t\t\t\t\t\t\t<div class=\"elementor-icon-box-wrapper\">\n\n\t\t\t\t\t\t<div class=\"elementor-icon-box-icon\">\n\t\t\t\t<span  class=\"elementor-icon\">\n\t\t\t\t<i aria-hidden=\"true\" class=\"far fa-check-circle\"><\/i>\t\t\t\t<\/span>\n\t\t\t<\/div>\n\t\t\t\n\t\t\t\t\t\t<div class=\"elementor-icon-box-content\">\n\n\t\t\t\t\t\t\t\t\t<h5 class=\"elementor-icon-box-title\">\n\t\t\t\t\t\t<span  >\n\t\t\t\t\t\t\tRenforcer les cadres juridiques :\t\t\t\t\t\t<\/span>\n\t\t\t\t\t<\/h5>\n\t\t\t\t\n\t\t\t\t\t\t\t\t\t<p class=\"elementor-icon-box-description\">\n\t\t\t\t\t\tSoutien strat\u00e9gique au minist\u00e8re de la justice pour la r\u00e9daction d'une proposition l\u00e9gislative visant \u00e0 int\u00e9grer le r\u00e8glement des litiges coutumiers dans le syst\u00e8me juridique officiel, sur la base de quatre consultations r\u00e9gionales avec des groupes de femmes, des repr\u00e9sentants de la jeunesse et des autorit\u00e9s traditionnelles.\t\t\t\t\t<\/p>\n\t\t\t\t\n\t\t\t<\/div>\n\t\t\t\n\t\t<\/div>\n\t\t\t\t\t\t<\/div>\n\t\t\t\t<\/div>\n\t\t\t\t<div class=\"elementor-element elementor-element-bde412a elementor-position-inline-start elementor-mobile-position-inline-start elementor-view-default elementor-widget elementor-widget-icon-box\" data-id=\"bde412a\" data-element_type=\"widget\" data-e-type=\"widget\" data-widget_type=\"icon-box.default\">\n\t\t\t\t<div class=\"elementor-widget-container\">\n\t\t\t\t\t\t\t<div class=\"elementor-icon-box-wrapper\">\n\n\t\t\t\t\t\t<div class=\"elementor-icon-box-icon\">\n\t\t\t\t<span  class=\"elementor-icon\">\n\t\t\t\t<i aria-hidden=\"true\" class=\"far fa-check-circle\"><\/i>\t\t\t\t<\/span>\n\t\t\t<\/div>\n\t\t\t\n\t\t\t\t\t\t<div class=\"elementor-icon-box-content\">\n\n\t\t\t\t\t\t\t\t\t<h5 class=\"elementor-icon-box-title\">\n\t\t\t\t\t\t<span  >\n\t\t\t\t\t\t\tPiloter des solutions locales :\t\t\t\t\t\t<\/span>\n\t\t\t\t\t<\/h5>\n\t\t\t\t\n\t\t\t\t\t\t\t\t\t<p class=\"elementor-icon-box-description\">\n\t\t\t\t\t\tNous avons lanc\u00e9 un laboratoire d'innovation en mati\u00e8re de justice avec l'Observatoire national du foncier afin d'exp\u00e9rimenter des solutions aux probl\u00e8mes de justice fonci\u00e8re. Gr\u00e2ce \u00e0 ce laboratoire, HiiL a aid\u00e9 la commune de Boussouma \u00e0 \u00e9laborer une charte fonci\u00e8re locale qui fera l'objet d'un consensus entre les autorit\u00e9s traditionnelles, les fonctionnaires administratifs et les communaut\u00e9s. Cette charte servira d\u00e9sormais de cadre de gouvernance partag\u00e9e pour la gestion fonci\u00e8re et contribuera \u00e0 la pr\u00e9vention et \u00e0 la r\u00e9solution des conflits fonciers, tout en renfor\u00e7ant les capacit\u00e9s locales d'exp\u00e9rimentation et de co-cr\u00e9ation de solutions adapt\u00e9es aux r\u00e9alit\u00e9s des communaut\u00e9s.  \t\t\t\t\t<\/p>\n\t\t\t\t\n\t\t\t<\/div>\n\t\t\t\n\t\t<\/div>\n\t\t\t\t\t\t<\/div>\n\t\t\t\t<\/div>\n\t\t\t\t\t<\/div>\n\t\t<\/div>\n\t\t\t\t<div class=\"elementor-column elementor-col-50 elementor-inner-column elementor-element elementor-element-43a46886\" data-id=\"43a46886\" data-element_type=\"column\" data-e-type=\"column\">\n\t\t\t<div class=\"elementor-widget-wrap elementor-element-populated\">\n\t\t\t\t\t\t<div class=\"elementor-element elementor-element-27b8580 elementor-position-inline-start elementor-mobile-position-inline-start elementor-view-default elementor-widget elementor-widget-icon-box\" data-id=\"27b8580\" data-element_type=\"widget\" data-e-type=\"widget\" data-widget_type=\"icon-box.default\">\n\t\t\t\t<div class=\"elementor-widget-container\">\n\t\t\t\t\t\t\t<div class=\"elementor-icon-box-wrapper\">\n\n\t\t\t\t\t\t<div class=\"elementor-icon-box-icon\">\n\t\t\t\t<span  class=\"elementor-icon\">\n\t\t\t\t<i aria-hidden=\"true\" class=\"far fa-check-circle\"><\/i>\t\t\t\t<\/span>\n\t\t\t<\/div>\n\t\t\t\n\t\t\t\t\t\t<div class=\"elementor-icon-box-content\">\n\n\t\t\t\t\t\t\t\t\t<h5 class=\"elementor-icon-box-title\">\n\t\t\t\t\t\t<span  >\n\t\t\t\t\t\t\tFaire progresser la recherche sur la justice :\t\t\t\t\t\t<\/span>\n\t\t\t\t\t<\/h5>\n\t\t\t\t\n\t\t\t\t\t\t\t\t\t<p class=\"elementor-icon-box-description\">\n\t\t\t\t\t\tPartenariat avec le Centre pour la Gouvernance D\u00e9mocratique pour \u00e9tudier les besoins en mati\u00e8re de justice dans les r\u00e9gions \u00e9loign\u00e9es et mal desservies.\t\t\t\t\t<\/p>\n\t\t\t\t\n\t\t\t<\/div>\n\t\t\t\n\t\t<\/div>\n\t\t\t\t\t\t<\/div>\n\t\t\t\t<\/div>\n\t\t\t\t<div class=\"elementor-element elementor-element-5521faab elementor-position-inline-start elementor-mobile-position-inline-start elementor-view-default elementor-widget elementor-widget-icon-box\" data-id=\"5521faab\" data-element_type=\"widget\" data-e-type=\"widget\" data-widget_type=\"icon-box.default\">\n\t\t\t\t<div class=\"elementor-widget-container\">\n\t\t\t\t\t\t\t<div class=\"elementor-icon-box-wrapper\">\n\n\t\t\t\t\t\t<div class=\"elementor-icon-box-icon\">\n\t\t\t\t<span  class=\"elementor-icon\">\n\t\t\t\t<i aria-hidden=\"true\" class=\"far fa-check-circle\"><\/i>\t\t\t\t<\/span>\n\t\t\t<\/div>\n\t\t\t\n\t\t\t\t\t\t<div class=\"elementor-icon-box-content\">\n\n\t\t\t\t\t\t\t\t\t<h5 class=\"elementor-icon-box-title\">\n\t\t\t\t\t\t<span  >\n\t\t\t\t\t\t\tRenforcer la soci\u00e9t\u00e9 civile :\t\t\t\t\t\t<\/span>\n\t\t\t\t\t<\/h5>\n\t\t\t\t\n\t\t\t\t\t\t\t\t\t<p class=\"elementor-icon-box-description\">\n\t\t\t\t\t\tFacilitation de la mise en place d'une plateforme nationale de 15 organisations de la soci\u00e9t\u00e9 civile engag\u00e9es en faveur d'une justice centr\u00e9e sur les personnes. Cette coalition constitue d\u00e9sormais un espace permanent de dialogue et de plaidoyer commun, permettant aux OSC de mieux coordonner leurs actions et de jouer un r\u00f4le plus important aupr\u00e8s de l'\u00c9tat et des partenaires techniques et financiers. \t\t\t\t\t<\/p>\n\t\t\t\t\n\t\t\t<\/div>\n\t\t\t\n\t\t<\/div>\n\t\t\t\t\t\t<\/div>\n\t\t\t\t<\/div>\n\t\t\t\t<div class=\"elementor-element elementor-element-3dcae243 elementor-position-inline-start elementor-mobile-position-inline-start elementor-view-default elementor-widget elementor-widget-icon-box\" data-id=\"3dcae243\" data-element_type=\"widget\" data-e-type=\"widget\" data-widget_type=\"icon-box.default\">\n\t\t\t\t<div class=\"elementor-widget-container\">\n\t\t\t\t\t\t\t<div class=\"elementor-icon-box-wrapper\">\n\n\t\t\t\t\t\t<div class=\"elementor-icon-box-icon\">\n\t\t\t\t<span  class=\"elementor-icon\">\n\t\t\t\t<i aria-hidden=\"true\" class=\"far fa-check-circle\"><\/i>\t\t\t\t<\/span>\n\t\t\t<\/div>\n\t\t\t\n\t\t\t\t\t\t<div class=\"elementor-icon-box-content\">\n\n\t\t\t\t\t\t\t\t\t<h5 class=\"elementor-icon-box-title\">\n\t\t\t\t\t\t<span  >\n\t\t\t\t\t\t\tPlate-forme Justice-Sira.bf :\t\t\t\t\t\t<\/span>\n\t\t\t\t\t<\/h5>\n\t\t\t\t\n\t\t\t\t\t\t\t\t\t<p class=\"elementor-icon-box-description\">\n\t\t\t\t\t\tLe lancement du site justice-sira.bf a \u00e9largi l'acc\u00e8s des citoyens \u00e0 l'information juridique et judiciaire. D\u00e9sormais reconnu comme une plateforme de r\u00e9f\u00e9rence, le site propose des contenus p\u00e9dagogiques, des mises \u00e0 jour et des outils pratiques, contribuant ainsi \u00e0 r\u00e9duire la m\u00e9connaissance du droit tout en favorisant la transparence et la confiance dans la justice. \t\t\t\t\t<\/p>\n\t\t\t\t\n\t\t\t<\/div>\n\t\t\t\n\t\t<\/div>\n\t\t\t\t\t\t<\/div>\n\t\t\t\t<\/div>\n\t\t\t\t<div class=\"elementor-element elementor-element-b9156bc elementor-widget elementor-widget-text-editor\" data-id=\"b9156bc\" data-element_type=\"widget\" data-e-type=\"widget\" data-widget_type=\"text-editor.default\">\n\t\t\t\t<div class=\"elementor-widget-container\">\n\t\t\t\t\t\t\t\t\t<p><a href=\"https:\/\/justice-sira.bf\/\" target=\"_blank\" rel=\"noopener\">Visitez justice-sira.bf<\/a><\/p>\t\t\t\t\t\t\t\t<\/div>\n\t\t\t\t<\/div>\n\t\t\t\t\t<\/div>\n\t\t<\/div>\n\t\t\t\t\t<\/div>\n\t\t<\/section>\n\t\t\t\t<div class=\"elementor-element elementor-element-e6d2dd1 elementor-widget elementor-widget-spacer\" data-id=\"e6d2dd1\" data-element_type=\"widget\" data-e-type=\"widget\" data-widget_type=\"spacer.default\">\n\t\t\t\t<div class=\"elementor-widget-container\">\n\t\t\t\t\t\t\t<div class=\"elementor-spacer\">\n\t\t\t<div class=\"elementor-spacer-inner\"><\/div>\n\t\t<\/div>\n\t\t\t\t\t\t<\/div>\n\t\t\t\t<\/div>\n\t\t\t\t\t<\/div>\n\t\t<\/div>\n\t\t\t\t<div class=\"elementor-column elementor-col-50 elementor-top-column elementor-element elementor-element-1be58302\" data-id=\"1be58302\" data-element_type=\"column\" data-e-type=\"column\" data-settings=\"{&quot;background_background&quot;:&quot;classic&quot;}\">\n\t\t\t<div class=\"elementor-widget-wrap elementor-element-populated\">\n\t\t\t\t\t\t<div class=\"elementor-element elementor-element-47e4a46e elementor-widget elementor-widget-heading\" data-id=\"47e4a46e\" data-element_type=\"widget\" data-e-type=\"widget\" data-widget_type=\"heading.default\">\n\t\t\t\t<div class=\"elementor-widget-container\">\n\t\t\t\t\t<h3 class=\"elementor-heading-title elementor-size-default\">Publications<\/h3>\t\t\t\t<\/div>\n\t\t\t\t<\/div>\n\t\t\t\t<section class=\"elementor-section elementor-inner-section elementor-element elementor-element-60b9b9a elementor-section-content-middle elementor-section-boxed elementor-section-height-default elementor-section-height-default\" data-id=\"60b9b9a\" data-element_type=\"section\" data-e-type=\"section\">\n\t\t\t\t\t\t<div class=\"elementor-container elementor-column-gap-default\">\n\t\t\t\t\t<div class=\"elementor-column elementor-col-50 elementor-inner-column elementor-element elementor-element-2788b416\" data-id=\"2788b416\" data-element_type=\"column\" data-e-type=\"column\">\n\t\t\t<div class=\"elementor-widget-wrap elementor-element-populated\">\n\t\t\t\t\t\t<div class=\"elementor-element elementor-element-28b84c24 elementor-widget elementor-widget-image\" data-id=\"28b84c24\" data-element_type=\"widget\" data-e-type=\"widget\" data-widget_type=\"image.default\">\n\t\t\t\t<div class=\"elementor-widget-container\">\n\t\t\t\t\t\t\t\t\t\t\t\t\t\t\t<img decoding=\"async\" width=\"22\" height=\"20\" src=\"https:\/\/www.hiil.org\/wp-content\/uploads\/2022\/08\/book-white-01-1.svg\" class=\"attachment-medium size-medium wp-image-14072\" alt=\"\" \/>\t\t\t\t\t\t\t\t\t\t\t\t\t\t\t<\/div>\n\t\t\t\t<\/div>\n\t\t\t\t\t<\/div>\n\t\t<\/div>\n\t\t\t\t<div class=\"elementor-column elementor-col-50 elementor-inner-column elementor-element elementor-element-478bb915\" data-id=\"478bb915\" data-element_type=\"column\" data-e-type=\"column\">\n\t\t\t<div class=\"elementor-widget-wrap elementor-element-populated\">\n\t\t\t\t\t\t<div class=\"elementor-element elementor-element-45bd9a00 elementor-widget elementor-widget-heading\" data-id=\"45bd9a00\" data-element_type=\"widget\" data-e-type=\"widget\" data-widget_type=\"heading.default\">\n\t\t\t\t<div class=\"elementor-widget-container\">\n\t\t\t\t\t<p class=\"elementor-heading-title elementor-size-default\"><a href=\"https:\/\/www.hiil.org\/fr\/projets\/besoins-en-matiere-de-justice-au-burkina-faso\/\">Besoins et satisfaction en mati\u00e8re de justice au Burkina Faso<\/a><\/p>\t\t\t\t<\/div>\n\t\t\t\t<\/div>\n\t\t\t\t\t<\/div>\n\t\t<\/div>\n\t\t\t\t\t<\/div>\n\t\t<\/section>\n\t\t\t\t<section class=\"elementor-section elementor-inner-section elementor-element elementor-element-03961f8 elementor-section-content-middle elementor-section-boxed elementor-section-height-default elementor-section-height-default\" data-id=\"03961f8\" data-element_type=\"section\" data-e-type=\"section\">\n\t\t\t\t\t\t<div class=\"elementor-container elementor-column-gap-default\">\n\t\t\t\t\t<div class=\"elementor-column elementor-col-50 elementor-inner-column elementor-element elementor-element-7eb6723\" data-id=\"7eb6723\" data-element_type=\"column\" data-e-type=\"column\">\n\t\t\t<div class=\"elementor-widget-wrap elementor-element-populated\">\n\t\t\t\t\t\t<div class=\"elementor-element elementor-element-7c08520 elementor-widget elementor-widget-image\" data-id=\"7c08520\" data-element_type=\"widget\" data-e-type=\"widget\" data-widget_type=\"image.default\">\n\t\t\t\t<div class=\"elementor-widget-container\">\n\t\t\t\t\t\t\t\t\t\t\t\t\t\t\t<img decoding=\"async\" width=\"22\" height=\"20\" src=\"https:\/\/www.hiil.org\/wp-content\/uploads\/2022\/08\/book-white-01-1.svg\" class=\"attachment-medium size-medium wp-image-14072\" alt=\"\" \/>\t\t\t\t\t\t\t\t\t\t\t\t\t\t\t<\/div>\n\t\t\t\t<\/div>\n\t\t\t\t\t<\/div>\n\t\t<\/div>\n\t\t\t\t<div class=\"elementor-column elementor-col-50 elementor-inner-column elementor-element elementor-element-1497bc2\" data-id=\"1497bc2\" data-element_type=\"column\" data-e-type=\"column\">\n\t\t\t<div class=\"elementor-widget-wrap elementor-element-populated\">\n\t\t\t\t\t\t<div class=\"elementor-element elementor-element-37bb28b elementor-widget elementor-widget-heading\" data-id=\"37bb28b\" data-element_type=\"widget\" data-e-type=\"widget\" data-widget_type=\"heading.default\">\n\t\t\t\t<div class=\"elementor-widget-container\">\n\t\t\t\t\t<p class=\"elementor-heading-title elementor-size-default\"><a href=\"https:\/\/www.hiil.org\/projects\/justice-needs-and-satisfaction-of-idps-and-host-communities-in-burkina-faso\/\">Besoins en mati\u00e8re de justice et satisfaction des personnes d\u00e9plac\u00e9es et des communaut\u00e9s d'accueil au Burkina Faso<\/a><\/p>\t\t\t\t<\/div>\n\t\t\t\t<\/div>\n\t\t\t\t\t<\/div>\n\t\t<\/div>\n\t\t\t\t\t<\/div>\n\t\t<\/section>\n\t\t\t\t<section class=\"elementor-section elementor-inner-section elementor-element elementor-element-987c58a elementor-section-content-middle elementor-section-boxed elementor-section-height-default elementor-section-height-default\" data-id=\"987c58a\" data-element_type=\"section\" data-e-type=\"section\">\n\t\t\t\t\t\t<div class=\"elementor-container elementor-column-gap-default\">\n\t\t\t\t\t<div class=\"elementor-column elementor-col-50 elementor-inner-column elementor-element elementor-element-2574f42\" data-id=\"2574f42\" data-element_type=\"column\" data-e-type=\"column\">\n\t\t\t<div class=\"elementor-widget-wrap elementor-element-populated\">\n\t\t\t\t\t\t<div class=\"elementor-element elementor-element-dda006c elementor-widget elementor-widget-image\" data-id=\"dda006c\" data-element_type=\"widget\" data-e-type=\"widget\" data-widget_type=\"image.default\">\n\t\t\t\t<div class=\"elementor-widget-container\">\n\t\t\t\t\t\t\t\t\t\t\t\t\t\t\t<img decoding=\"async\" width=\"22\" height=\"20\" src=\"https:\/\/www.hiil.org\/wp-content\/uploads\/2022\/08\/book-white-01-1.svg\" class=\"attachment-medium size-medium wp-image-14072\" alt=\"\" \/>\t\t\t\t\t\t\t\t\t\t\t\t\t\t\t<\/div>\n\t\t\t\t<\/div>\n\t\t\t\t\t<\/div>\n\t\t<\/div>\n\t\t\t\t<div class=\"elementor-column elementor-col-50 elementor-inner-column elementor-element elementor-element-9e7f0ec\" data-id=\"9e7f0ec\" data-element_type=\"column\" data-e-type=\"column\">\n\t\t\t<div class=\"elementor-widget-wrap elementor-element-populated\">\n\t\t\t\t\t\t<div class=\"elementor-element elementor-element-9451cda elementor-widget elementor-widget-heading\" data-id=\"9451cda\" data-element_type=\"widget\" data-e-type=\"widget\" data-widget_type=\"heading.default\">\n\t\t\t\t<div class=\"elementor-widget-container\">\n\t\t\t\t\t<p class=\"elementor-heading-title elementor-size-default\"><a href=\"https:\/\/www.hiil.org\/fr\/projets\/lacces-a-la-justice-pour-les-populations-vivant-dans-les-zones-a-forts-defis-securitaires-au-burkina-faso\/\">L'acc\u00e8s \u00e0 la justice pour les populations vivant dans les zones \u00e0 forts d\u00e9fis s\u00e9curitaires au Burkina Faso<\/a><\/p>\t\t\t\t<\/div>\n\t\t\t\t<\/div>\n\t\t\t\t\t<\/div>\n\t\t<\/div>\n\t\t\t\t\t<\/div>\n\t\t<\/section>\n\t\t\t\t\t<\/div>\n\t\t<\/div>\n\t\t\t\t\t<\/div>\n\t\t<\/section>\n\t\t\t\t<section class=\"elementor-section elementor-top-section elementor-element elementor-element-4b0f8ac elementor-section-boxed elementor-section-height-default elementor-section-height-default\" data-id=\"4b0f8ac\" data-element_type=\"section\" data-e-type=\"section\">\n\t\t\t\t\t\t<div class=\"elementor-container elementor-column-gap-default\">\n\t\t\t\t\t<div class=\"elementor-column elementor-col-100 elementor-top-column elementor-element elementor-element-c3661ce\" data-id=\"c3661ce\" data-element_type=\"column\" data-e-type=\"column\">\n\t\t\t<div class=\"elementor-widget-wrap elementor-element-populated\">\n\t\t\t\t\t\t<div class=\"elementor-element elementor-element-4464cf41 elementor-widget elementor-widget-heading\" data-id=\"4464cf41\" data-element_type=\"widget\" data-e-type=\"widget\" data-widget_type=\"heading.default\">\n\t\t\t\t<div class=\"elementor-widget-container\">\n\t\t\t\t\t<h3 class=\"elementor-heading-title elementor-size-default\">Partenaires<\/h3>\t\t\t\t<\/div>\n\t\t\t\t<\/div>\n\t\t\t\t\t<\/div>\n\t\t<\/div>\n\t\t\t\t\t<\/div>\n\t\t<\/section>\n\t\t\t\t<section class=\"elementor-section elementor-top-section elementor-element elementor-element-53dda765 elementor-section-boxed elementor-section-height-default elementor-section-height-default\" data-id=\"53dda765\" data-element_type=\"section\" data-e-type=\"section\">\n\t\t\t\t\t\t<div class=\"elementor-container elementor-column-gap-default\">\n\t\t\t\t\t<div class=\"elementor-column elementor-col-100 elementor-top-column elementor-element elementor-element-7d91579b\" data-id=\"7d91579b\" data-element_type=\"column\" data-e-type=\"column\">\n\t\t\t<div class=\"elementor-widget-wrap elementor-element-populated\">\n\t\t\t\t\t\t<div class=\"elementor-element elementor-element-6ed5549d elementor-pagination-position-inside elementor-widget elementor-widget-image-carousel\" data-id=\"6ed5549d\" data-element_type=\"widget\" data-e-type=\"widget\" data-settings=\"{&quot;slides_to_show&quot;:&quot;3&quot;,&quot;slides_to_show_tablet&quot;:&quot;3&quot;,&quot;slides_to_scroll&quot;:&quot;1&quot;,&quot;navigation&quot;:&quot;dots&quot;,&quot;pause_on_hover&quot;:&quot;no&quot;,&quot;autoplay_speed&quot;:2000,&quot;image_spacing_custom&quot;:{&quot;unit&quot;:&quot;px&quot;,&quot;size&quot;:60,&quot;sizes&quot;:[]},&quot;speed&quot;:1000,&quot;autoplay&quot;:&quot;yes&quot;,&quot;pause_on_interaction&quot;:&quot;yes&quot;,&quot;infinite&quot;:&quot;yes&quot;,&quot;image_spacing_custom_tablet&quot;:{&quot;unit&quot;:&quot;px&quot;,&quot;size&quot;:&quot;&quot;,&quot;sizes&quot;:[]},&quot;image_spacing_custom_mobile&quot;:{&quot;unit&quot;:&quot;px&quot;,&quot;size&quot;:&quot;&quot;,&quot;sizes&quot;:[]}}\" data-widget_type=\"image-carousel.default\">\n\t\t\t\t<div class=\"elementor-widget-container\">\n\t\t\t\t\t\t\t<div class=\"elementor-image-carousel-wrapper swiper\" role=\"region\" aria-roledescription=\"carousel\" aria-label=\"Image Carousel\" dir=\"ltr\">\n\t\t\t<div class=\"elementor-image-carousel swiper-wrapper\" aria-live=\"off\">\n\t\t\t\t\t\t\t\t<div class=\"swiper-slide\" role=\"group\" aria-roledescription=\"slide\" aria-label=\"1 sur 6\"><figure class=\"swiper-slide-inner\"><img decoding=\"async\" class=\"swiper-slide-image\" src=\"https:\/\/www.hiil.org\/wp-content\/uploads\/2022\/09\/Moj-BF.jpg\" alt=\"Burkina Faso Ministry of Justice\" \/><figcaption class=\"elementor-image-carousel-caption\">Burkina Faso Ministry of Justice <\/figcaption><\/figure><\/div><div class=\"swiper-slide\" role=\"group\" aria-roledescription=\"slide\" aria-label=\"2 sur 6\"><figure class=\"swiper-slide-inner\"><img decoding=\"async\" class=\"swiper-slide-image\" src=\"https:\/\/www.hiil.org\/wp-content\/uploads\/2022\/09\/DutchMFA-2.jpg\" alt=\"The Netherlands Ministry of Foreign Affairs\" \/><figcaption class=\"elementor-image-carousel-caption\">The Netherlands Ministry of Foreign Affairs<\/figcaption><\/figure><\/div><div class=\"swiper-slide\" role=\"group\" aria-roledescription=\"slide\" aria-label=\"3 sur 6\"><figure class=\"swiper-slide-inner\"><img decoding=\"async\" class=\"swiper-slide-image\" src=\"https:\/\/www.hiil.org\/wp-content\/uploads\/2022\/09\/nl-embassy.jpg\" alt=\"Ambassade des Pays-Bas\" \/><figcaption class=\"elementor-image-carousel-caption\">Ambassade des Pays-Bas<\/figcaption><\/figure><\/div><div class=\"swiper-slide\" role=\"group\" aria-roledescription=\"slide\" aria-label=\"4 sur 6\"><figure class=\"swiper-slide-inner\"><img decoding=\"async\" class=\"swiper-slide-image\" src=\"https:\/\/www.hiil.org\/wp-content\/uploads\/2022\/09\/cgd.jpg\" alt=\"Centre for the Democratic Governance of Burkina Faso\" \/><figcaption class=\"elementor-image-carousel-caption\">Centre for the Democratic Governance of Burkina Faso<\/figcaption><\/figure><\/div><div class=\"swiper-slide\" role=\"group\" aria-roledescription=\"slide\" aria-label=\"5 sur 6\"><figure class=\"swiper-slide-inner\"><img decoding=\"async\" class=\"swiper-slide-image\" src=\"https:\/\/www.hiil.org\/wp-content\/uploads\/2022\/09\/tdh.jpg\" alt=\"Terre des Hommes\" \/><figcaption class=\"elementor-image-carousel-caption\">Terre des Hommes<\/figcaption><\/figure><\/div><div class=\"swiper-slide\" role=\"group\" aria-roledescription=\"slide\" aria-label=\"6 sur 6\"><figure class=\"swiper-slide-inner\"><img decoding=\"async\" class=\"swiper-slide-image\" src=\"https:\/\/www.hiil.org\/wp-content\/uploads\/2022\/09\/unhcr-1.jpg\" alt=\"United Nations High Commissioner for Refugees (UNHCR)\" \/><figcaption class=\"elementor-image-carousel-caption\">United Nations High Commissioner for Refugees (UNHCR)<\/figcaption><\/figure><\/div>\t\t\t<\/div>\n\t\t\t\t\t\t\t\n\t\t\t\t\t\t\t\t\t<div class=\"swiper-pagination\"><\/div>\n\t\t\t\t\t\t\t\t\t<\/div>\n\t\t\t\t\t\t<\/div>\n\t\t\t\t<\/div>\n\t\t\t\t<div class=\"elementor-element elementor-element-89828f0 elementor-widget elementor-widget-spacer\" data-id=\"89828f0\" data-element_type=\"widget\" data-e-type=\"widget\" data-widget_type=\"spacer.default\">\n\t\t\t\t<div class=\"elementor-widget-container\">\n\t\t\t\t\t\t\t<div class=\"elementor-spacer\">\n\t\t\t<div class=\"elementor-spacer-inner\"><\/div>\n\t\t<\/div>\n\t\t\t\t\t\t<\/div>\n\t\t\t\t<\/div>\n\t\t\t\t\t<\/div>\n\t\t<\/div>\n\t\t\t\t\t<\/div>\n\t\t<\/section>\n\t\t\t\t<section class=\"elementor-section elementor-top-section elementor-element elementor-element-a99ad50 elementor-section-stretched elementor-section-boxed elementor-section-height-default elementor-section-height-default\" data-id=\"a99ad50\" data-element_type=\"section\" data-e-type=\"section\" data-settings=\"{&quot;stretch_section&quot;:&quot;section-stretched&quot;,&quot;background_background&quot;:&quot;classic&quot;}\">\n\t\t\t\t\t\t<div class=\"elementor-container elementor-column-gap-default\">\n\t\t\t\t\t<div class=\"elementor-column elementor-col-100 elementor-top-column elementor-element elementor-element-a884ef4\" data-id=\"a884ef4\" data-element_type=\"column\" data-e-type=\"column\">\n\t\t\t<div class=\"elementor-widget-wrap elementor-element-populated\">\n\t\t\t\t\t\t<div class=\"elementor-element elementor-element-cb15439 elementor-widget elementor-widget-heading\" data-id=\"cb15439\" data-element_type=\"widget\" data-e-type=\"widget\" data-widget_type=\"heading.default\">\n\t\t\t\t<div class=\"elementor-widget-container\">\n\t\t\t\t\t<h3 class=\"elementor-heading-title elementor-size-default\">Personne de contact<\/h3>\t\t\t\t<\/div>\n\t\t\t\t<\/div>\n\t\t\t\t<div class=\"elementor-element elementor-element-9e1bfdf elementor-position-top elementor-widget elementor-widget-image-box\" data-id=\"9e1bfdf\" data-element_type=\"widget\" data-e-type=\"widget\" data-widget_type=\"image-box.default\">\n\t\t\t\t<div class=\"elementor-widget-container\">\n\t\t\t\t\t<div class=\"elementor-image-box-wrapper\"><figure class=\"elementor-image-box-img\"><a href=\"https:\/\/www.hiil.org\/equipe\/marie-duprez\/\" tabindex=\"-1\"><img fetchpriority=\"high\" decoding=\"async\" width=\"1707\" height=\"2560\" src=\"https:\/\/www.hiil.org\/wp-content\/uploads\/2023\/08\/Marie-Duprez1-scaled.jpg\" class=\"attachment-full size-full wp-image-18100\" alt=\"\" srcset=\"https:\/\/www.hiil.org\/wp-content\/uploads\/2023\/08\/Marie-Duprez1-scaled.jpg 1707w, https:\/\/www.hiil.org\/wp-content\/uploads\/2023\/08\/Marie-Duprez1-200x300.jpg 200w, https:\/\/www.hiil.org\/wp-content\/uploads\/2023\/08\/Marie-Duprez1-683x1024.jpg 683w, https:\/\/www.hiil.org\/wp-content\/uploads\/2023\/08\/Marie-Duprez1-768x1152.jpg 768w, https:\/\/www.hiil.org\/wp-content\/uploads\/2023\/08\/Marie-Duprez1-1024x1536.jpg 1024w, https:\/\/www.hiil.org\/wp-content\/uploads\/2023\/08\/Marie-Duprez1-1365x2048.jpg 1365w\" sizes=\"(max-width: 1707px) 100vw, 1707px\" \/><\/a><\/figure><div class=\"elementor-image-box-content\"><h4 class=\"elementor-image-box-title\"><a href=\"https:\/\/www.hiil.org\/equipe\/marie-duprez\/\">Marie Duprez<\/a><\/h4><p class=\"elementor-image-box-description\">Gestionnaire principal de programme - Sahel<\/p><\/div><\/div>\t\t\t\t<\/div>\n\t\t\t\t<\/div>\n\t\t\t\t\t<\/div>\n\t\t<\/div>\n\t\t\t\t\t<\/div>\n\t\t<\/section>\n\t\t\t\t<section class=\"elementor-section elementor-top-section elementor-element elementor-element-1d7e0b5 elementor-section-stretched elementor-section-boxed elementor-section-height-default elementor-section-height-default\" data-id=\"1d7e0b5\" data-element_type=\"section\" data-e-type=\"section\" data-settings=\"{&quot;stretch_section&quot;:&quot;section-stretched&quot;,&quot;background_background&quot;:&quot;classic&quot;}\">\n\t\t\t\t\t\t<div class=\"elementor-container elementor-column-gap-default\">\n\t\t\t\t\t<div class=\"elementor-column elementor-col-100 elementor-top-column elementor-element elementor-element-1f0ea2b1\" data-id=\"1f0ea2b1\" data-element_type=\"column\" data-e-type=\"column\">\n\t\t\t<div class=\"elementor-widget-wrap elementor-element-populated\">\n\t\t\t\t\t\t<div class=\"elementor-element elementor-element-6cf2d10c elementor-widget elementor-widget-heading\" data-id=\"6cf2d10c\" data-element_type=\"widget\" data-e-type=\"widget\" data-widget_type=\"heading.default\">\n\t\t\t\t<div class=\"elementor-widget-container\">\n\t\t\t\t\t<h3 class=\"elementor-heading-title elementor-size-default\">Pour en savoir plus<\/h3>\t\t\t\t<\/div>\n\t\t\t\t<\/div>\n\t\t\t\t<div class=\"elementor-element elementor-element-471bfa67 elementor-posts--align-left elementor-grid-3 elementor-grid-tablet-2 elementor-grid-mobile-1 elementor-posts--thumbnail-top elementor-widget elementor-widget-posts\" data-id=\"471bfa67\" data-element_type=\"widget\" data-e-type=\"widget\" data-settings=\"{&quot;classic_row_gap&quot;:{&quot;unit&quot;:&quot;px&quot;,&quot;size&quot;:15,&quot;sizes&quot;:[]},&quot;classic_row_gap_mobile&quot;:{&quot;unit&quot;:&quot;px&quot;,&quot;size&quot;:70,&quot;sizes&quot;:[]},&quot;classic_columns&quot;:&quot;3&quot;,&quot;classic_columns_tablet&quot;:&quot;2&quot;,&quot;classic_columns_mobile&quot;:&quot;1&quot;,&quot;classic_row_gap_tablet&quot;:{&quot;unit&quot;:&quot;px&quot;,&quot;size&quot;:&quot;&quot;,&quot;sizes&quot;:[]}}\" data-widget_type=\"posts.classic\">\n\t\t\t\t<div class=\"elementor-widget-container\">\n\t\t\t\t\t\t\t<div class=\"elementor-posts-container elementor-posts elementor-posts--skin-classic elementor-grid\" role=\"list\">\n\t\t\t\t<article class=\"elementor-post elementor-grid-item post-25157 post type-post status-publish format-standard has-post-thumbnail hentry category-news\" role=\"listitem\">\n\t\t\t\t<a class=\"elementor-post__thumbnail__link\" href=\"https:\/\/www.hiil.org\/fr\/news\/justice-sira-burkina-faso-access\/\" tabindex=\"-1\" >\n\t\t\t<div class=\"elementor-post__thumbnail\"><img decoding=\"async\" width=\"1080\" height=\"514\" src=\"https:\/\/www.hiil.org\/wp-content\/uploads\/2025\/07\/509359131_1156270169879065_7834829105916756086_n.jpg\" class=\"attachment-full size-full wp-image-25161\" alt=\"\" srcset=\"https:\/\/www.hiil.org\/wp-content\/uploads\/2025\/07\/509359131_1156270169879065_7834829105916756086_n.jpg 1080w, https:\/\/www.hiil.org\/wp-content\/uploads\/2025\/07\/509359131_1156270169879065_7834829105916756086_n-300x143.jpg 300w, https:\/\/www.hiil.org\/wp-content\/uploads\/2025\/07\/509359131_1156270169879065_7834829105916756086_n-768x366.jpg 768w\" sizes=\"(max-width: 1080px) 100vw, 1080px\" \/><\/div>\n\t\t<\/a>\n\t\t\t\t<div class=\"elementor-post__text\">\n\t\t\t\t<h5 class=\"elementor-post__title\">\n\t\t\t<a href=\"https:\/\/www.hiil.org\/fr\/news\/justice-sira-burkina-faso-access\/\" >\n\t\t\t\tFrom the Ground Up: Civil Society and the Ministry of Justice Join Forces in Burkina Faso\t\t\t<\/a>\n\t\t<\/h5>\n\t\t\t\t<div class=\"elementor-post__meta-data\">\n\t\t\t\t\t<span class=\"elementor-post-date\">\n\t\t\t7 juillet 2025\t\t<\/span>\n\t\t\t\t<\/div>\n\t\t\t\t<div class=\"elementor-post__excerpt\">\n\t\t\t<p>Texte ci-dessous en fran\u00e7ais.In Burkina Faso, where conflict and displacement have placed immense pressure on public<\/p>\n\t\t<\/div>\n\t\t\n\t\t<a class=\"elementor-post__read-more\" href=\"https:\/\/www.hiil.org\/fr\/news\/justice-sira-burkina-faso-access\/\" aria-label=\"En savoir plus sur From the Ground Up: Civil Society and the Ministry of Justice Join Forces in Burkina Faso\" tabindex=\"-1\" >\n\t\t\tLire la suite\t\t<\/a>\n\n\t\t\t\t<\/div>\n\t\t\t\t<\/article>\n\t\t\t\t<article class=\"elementor-post elementor-grid-item post-24694 post type-post status-publish format-standard has-post-thumbnail hentry category-non-classifiee tag-africa-fr tag-burkina-faso-fr tag-jns-fr tag-women-and-justice-fr\" role=\"listitem\">\n\t\t\t\t<a class=\"elementor-post__thumbnail__link\" href=\"https:\/\/www.hiil.org\/fr\/non-classifiee\/une-nouvelle-fiche-dinformation-sur-lacces-des-femmes-a-la-justice-au-burkina-faso\/\" tabindex=\"-1\" >\n\t\t\t<div class=\"elementor-post__thumbnail\"><img loading=\"lazy\" decoding=\"async\" width=\"1043\" height=\"608\" src=\"https:\/\/www.hiil.org\/wp-content\/uploads\/2025\/04\/Burkina-Faso-Women-factsheet-launch-copy.jpg\" class=\"attachment-full size-full wp-image-24691\" alt=\"\" srcset=\"https:\/\/www.hiil.org\/wp-content\/uploads\/2025\/04\/Burkina-Faso-Women-factsheet-launch-copy.jpg 1043w, https:\/\/www.hiil.org\/wp-content\/uploads\/2025\/04\/Burkina-Faso-Women-factsheet-launch-copy-300x175.jpg 300w, https:\/\/www.hiil.org\/wp-content\/uploads\/2025\/04\/Burkina-Faso-Women-factsheet-launch-copy-768x448.jpg 768w\" sizes=\"(max-width: 1043px) 100vw, 1043px\" \/><\/div>\n\t\t<\/a>\n\t\t\t\t<div class=\"elementor-post__text\">\n\t\t\t\t<h5 class=\"elementor-post__title\">\n\t\t\t<a href=\"https:\/\/www.hiil.org\/fr\/non-classifiee\/une-nouvelle-fiche-dinformation-sur-lacces-des-femmes-a-la-justice-au-burkina-faso\/\" >\n\t\t\t\tUne nouvelle fiche d&rsquo;information sur l&rsquo;acc\u00e8s des femmes \u00e0 la justice au Burkina Faso\t\t\t<\/a>\n\t\t<\/h5>\n\t\t\t\t<div class=\"elementor-post__meta-data\">\n\t\t\t\t\t<span class=\"elementor-post-date\">\n\t\t\t14 avril 2025\t\t<\/span>\n\t\t\t\t<\/div>\n\t\t\t\t<div class=\"elementor-post__excerpt\">\n\t\t\t<p>HiiL et l&rsquo;Association des femmes juristes du Burkina Faso (AFJ-BF) ont lanc\u00e9 la premi\u00e8re fiche d&rsquo;information<\/p>\n\t\t<\/div>\n\t\t\n\t\t<a class=\"elementor-post__read-more\" href=\"https:\/\/www.hiil.org\/fr\/non-classifiee\/une-nouvelle-fiche-dinformation-sur-lacces-des-femmes-a-la-justice-au-burkina-faso\/\" aria-label=\"En savoir plus sur Une nouvelle fiche d&rsquo;information sur l&rsquo;acc\u00e8s des femmes \u00e0 la justice au Burkina Faso\" tabindex=\"-1\" >\n\t\t\tLire la suite\t\t<\/a>\n\n\t\t\t\t<\/div>\n\t\t\t\t<\/article>\n\t\t\t\t<\/div>\n\t\t\n\t\t\t\t\t\t<\/div>\n\t\t\t\t<\/div>\n\t\t\t\t\t<\/div>\n\t\t<\/div>\n\t\t\t\t\t<\/div>\n\t\t<\/section>\n\t\t\t\t<section class=\"elementor-section elementor-top-section elementor-element elementor-element-d853c18 elementor-section-stretched elementor-section-full_width elementor-section-height-default elementor-section-height-default\" data-id=\"d853c18\" data-element_type=\"section\" data-e-type=\"section\" data-settings=\"{&quot;stretch_section&quot;:&quot;section-stretched&quot;,&quot;background_background&quot;:&quot;classic&quot;}\">\n\t\t\t\t\t\t<div class=\"elementor-container elementor-column-gap-default\">\n\t\t\t\t\t<div class=\"elementor-column elementor-col-100 elementor-top-column elementor-element elementor-element-30c888e3\" data-id=\"30c888e3\" data-element_type=\"column\" data-e-type=\"column\">\n\t\t\t<div class=\"elementor-widget-wrap elementor-element-populated\">\n\t\t\t\t\t\t<div class=\"elementor-element elementor-element-17190237 elementor-widget elementor-widget-text-editor\" data-id=\"17190237\" data-element_type=\"widget\" data-e-type=\"widget\" data-widget_type=\"text-editor.default\">\n\t\t\t\t<div class=\"elementor-widget-container\">\n\t\t\t\t\t\t\t\t\t<p>En savoir plus sur HiiL<\/p>\t\t\t\t\t\t\t\t<\/div>\n\t\t\t\t<\/div>\n\t\t\t\t<div class=\"elementor-element elementor-element-644d42b9 elementor-align-center elementor-widget elementor-widget-button\" data-id=\"644d42b9\" data-element_type=\"widget\" data-e-type=\"widget\" data-widget_type=\"button.default\">\n\t\t\t\t<div class=\"elementor-widget-container\">\n\t\t\t\t\t\t\t\t\t<div class=\"elementor-button-wrapper\">\n\t\t\t\t\t<a class=\"elementor-button elementor-button-link elementor-size-sm\" href=\"https:\/\/www.hiil.org\/fr\/qui-sommes-nous\/\">\n\t\t\t\t\t\t<span class=\"elementor-button-content-wrapper\">\n\t\t\t\t\t\t\t\t\t<span class=\"elementor-button-text\">A propos de nous<\/span>\n\t\t\t\t\t<\/span>\n\t\t\t\t\t<\/a>\n\t\t\t\t<\/div>\n\t\t\t\t\t\t\t\t<\/div>\n\t\t\t\t<\/div>\n\t\t\t\t\t<\/div>\n\t\t<\/div>\n\t\t\t\t\t<\/div>\n\t\t<\/section>\n\t\t\t\t<\/div>\n\t\t","protected":false},"excerpt":{"rendered":"<p>Burkina Faso HiiL travaille avec le gouvernement et les partenaires de la soci\u00e9t\u00e9 civile au Burkina Faso pour renforcer l&rsquo;acc\u00e8s \u00e0 la justice. Malgr\u00e9 une pause temporaire en 2022 en raison de l&rsquo;instabilit\u00e9 politique, les activit\u00e9s ont repris fin 2023, soulignant notre engagement continu \u00e0 am\u00e9liorer l&rsquo;administration de la justice dans les contextes fragiles. Notre [&hellip;]<\/p>\n","protected":false},"author":3,"featured_media":26930,"parent":15490,"menu_order":29,"comment_status":"closed","ping_status":"closed","template":"hiil-sub-subpage.php","meta":{"_acf_changed":false,"footnotes":""},"class_list":["post-15487","page","type-page","status-publish","has-post-thumbnail","hentry"],"acf":[],"yoast_head":"<!-- This site is optimized with the Yoast SEO plugin v27.3 - https:\/\/yoast.com\/product\/yoast-seo-wordpress\/ -->\n<title>Burkina Faso - HiiL<\/title>\n<meta name=\"robots\" content=\"index, follow, max-snippet:-1, max-image-preview:large, max-video-preview:-1\" \/>\n<link rel=\"canonical\" href=\"https:\/\/www.hiil.org\/fr\/nos-programmes\/burkina-faso\/\" \/>\n<meta property=\"og:locale\" content=\"fr_FR\" \/>\n<meta property=\"og:type\" content=\"article\" \/>\n<meta property=\"og:title\" content=\"Burkina Faso - HiiL\" \/>\n<meta property=\"og:description\" content=\"Burkina Faso HiiL travaille avec le gouvernement et les partenaires de la soci\u00e9t\u00e9 civile au Burkina Faso pour renforcer l&rsquo;acc\u00e8s \u00e0 la justice. Malgr\u00e9 une pause temporaire en 2022 en raison de l&rsquo;instabilit\u00e9 politique, les activit\u00e9s ont repris fin 2023, soulignant notre engagement continu \u00e0 am\u00e9liorer l&rsquo;administration de la justice dans les contextes fragiles. Notre [&hellip;]\" \/>\n<meta property=\"og:url\" content=\"https:\/\/www.hiil.org\/fr\/nos-programmes\/burkina-faso\/\" \/>\n<meta property=\"og:site_name\" content=\"HiiL\" \/>\n<meta property=\"article:publisher\" content=\"https:\/\/www.facebook.com\/UserFriendlyJustice\/\" \/>\n<meta property=\"article:modified_time\" content=\"2026-04-07T11:30:27+00:00\" \/>\n<meta property=\"og:image\" content=\"https:\/\/www.hiil.org\/wp-content\/uploads\/2026\/04\/BF-page.jpg\" \/>\n\t<meta property=\"og:image:width\" content=\"1200\" \/>\n\t<meta property=\"og:image:height\" content=\"745\" \/>\n\t<meta property=\"og:image:type\" content=\"image\/jpeg\" \/>\n<meta name=\"twitter:card\" content=\"summary_large_image\" \/>\n<meta name=\"twitter:site\" content=\"@InnoJustice\" \/>\n<meta name=\"twitter:label1\" content=\"Dur\u00e9e de lecture estim\u00e9e\" \/>\n\t<meta name=\"twitter:data1\" content=\"8 minutes\" \/>\n<script type=\"application\/ld+json\" class=\"yoast-schema-graph\">{\"@context\":\"https:\\\/\\\/schema.org\",\"@graph\":[{\"@type\":\"WebPage\",\"@id\":\"https:\\\/\\\/www.hiil.org\\\/fr\\\/nos-programmes\\\/burkina-faso\\\/\",\"url\":\"https:\\\/\\\/www.hiil.org\\\/fr\\\/nos-programmes\\\/burkina-faso\\\/\",\"name\":\"Burkina Faso - HiiL\",\"isPartOf\":{\"@id\":\"https:\\\/\\\/www.hiil.org\\\/fr\\\/#website\"},\"primaryImageOfPage\":{\"@id\":\"https:\\\/\\\/www.hiil.org\\\/fr\\\/nos-programmes\\\/burkina-faso\\\/#primaryimage\"},\"image\":{\"@id\":\"https:\\\/\\\/www.hiil.org\\\/fr\\\/nos-programmes\\\/burkina-faso\\\/#primaryimage\"},\"thumbnailUrl\":\"https:\\\/\\\/www.hiil.org\\\/wp-content\\\/uploads\\\/2026\\\/04\\\/BF-page.jpg\",\"datePublished\":\"2022-10-17T12:21:44+00:00\",\"dateModified\":\"2026-04-07T11:30:27+00:00\",\"breadcrumb\":{\"@id\":\"https:\\\/\\\/www.hiil.org\\\/fr\\\/nos-programmes\\\/burkina-faso\\\/#breadcrumb\"},\"inLanguage\":\"fr-FR\",\"potentialAction\":[{\"@type\":\"ReadAction\",\"target\":[\"https:\\\/\\\/www.hiil.org\\\/fr\\\/nos-programmes\\\/burkina-faso\\\/\"]}]},{\"@type\":\"ImageObject\",\"inLanguage\":\"fr-FR\",\"@id\":\"https:\\\/\\\/www.hiil.org\\\/fr\\\/nos-programmes\\\/burkina-faso\\\/#primaryimage\",\"url\":\"https:\\\/\\\/www.hiil.org\\\/wp-content\\\/uploads\\\/2026\\\/04\\\/BF-page.jpg\",\"contentUrl\":\"https:\\\/\\\/www.hiil.org\\\/wp-content\\\/uploads\\\/2026\\\/04\\\/BF-page.jpg\",\"width\":1200,\"height\":745},{\"@type\":\"BreadcrumbList\",\"@id\":\"https:\\\/\\\/www.hiil.org\\\/fr\\\/nos-programmes\\\/burkina-faso\\\/#breadcrumb\",\"itemListElement\":[{\"@type\":\"ListItem\",\"position\":1,\"name\":\"Home\",\"item\":\"https:\\\/\\\/www.hiil.org\\\/fr\\\/\"},{\"@type\":\"ListItem\",\"position\":2,\"name\":\"Nos programmes\",\"item\":\"https:\\\/\\\/www.hiil.org\\\/fr\\\/programmes\\\/\"},{\"@type\":\"ListItem\",\"position\":3,\"name\":\"Burkina Faso\"}]},{\"@type\":\"WebSite\",\"@id\":\"https:\\\/\\\/www.hiil.org\\\/fr\\\/#website\",\"url\":\"https:\\\/\\\/www.hiil.org\\\/fr\\\/\",\"name\":\"HiiL\",\"description\":\"Pour une justice ax\u00e9e sur les personnes\",\"publisher\":{\"@id\":\"https:\\\/\\\/www.hiil.org\\\/fr\\\/#organization\"},\"potentialAction\":[{\"@type\":\"SearchAction\",\"target\":{\"@type\":\"EntryPoint\",\"urlTemplate\":\"https:\\\/\\\/www.hiil.org\\\/fr\\\/?s={search_term_string}\"},\"query-input\":{\"@type\":\"PropertyValueSpecification\",\"valueRequired\":true,\"valueName\":\"search_term_string\"}}],\"inLanguage\":\"fr-FR\"},{\"@type\":\"Organization\",\"@id\":\"https:\\\/\\\/www.hiil.org\\\/fr\\\/#organization\",\"name\":\"HiiL\",\"url\":\"https:\\\/\\\/www.hiil.org\\\/fr\\\/\",\"logo\":{\"@type\":\"ImageObject\",\"inLanguage\":\"fr-FR\",\"@id\":\"https:\\\/\\\/www.hiil.org\\\/fr\\\/#\\\/schema\\\/logo\\\/image\\\/\",\"url\":\"https:\\\/\\\/www.hiil.org\\\/wp-content\\\/uploads\\\/2018\\\/06\\\/temp_logo-e1528749988588.png\",\"contentUrl\":\"https:\\\/\\\/www.hiil.org\\\/wp-content\\\/uploads\\\/2018\\\/06\\\/temp_logo-e1528749988588.png\",\"width\":112,\"height\":67,\"caption\":\"HiiL\"},\"image\":{\"@id\":\"https:\\\/\\\/www.hiil.org\\\/fr\\\/#\\\/schema\\\/logo\\\/image\\\/\"},\"sameAs\":[\"https:\\\/\\\/www.facebook.com\\\/UserFriendlyJustice\\\/\",\"https:\\\/\\\/x.com\\\/InnoJustice\",\"https:\\\/\\\/www.instagram.com\\\/userfriendlyjustice\\\/\",\"https:\\\/\\\/www.linkedin.com\\\/company\\\/hiil-hague-institute-for-internationalisation-of-law\\\/\"]}]}<\/script>\n<!-- \/ Yoast SEO plugin. -->","yoast_head_json":{"title":"Burkina Faso - HiiL","robots":{"index":"index","follow":"follow","max-snippet":"max-snippet:-1","max-image-preview":"max-image-preview:large","max-video-preview":"max-video-preview:-1"},"canonical":"https:\/\/www.hiil.org\/fr\/nos-programmes\/burkina-faso\/","og_locale":"fr_FR","og_type":"article","og_title":"Burkina Faso - HiiL","og_description":"Burkina Faso HiiL travaille avec le gouvernement et les partenaires de la soci\u00e9t\u00e9 civile au Burkina Faso pour renforcer l&rsquo;acc\u00e8s \u00e0 la justice. Malgr\u00e9 une pause temporaire en 2022 en raison de l&rsquo;instabilit\u00e9 politique, les activit\u00e9s ont repris fin 2023, soulignant notre engagement continu \u00e0 am\u00e9liorer l&rsquo;administration de la justice dans les contextes fragiles. Notre [&hellip;]","og_url":"https:\/\/www.hiil.org\/fr\/nos-programmes\/burkina-faso\/","og_site_name":"HiiL","article_publisher":"https:\/\/www.facebook.com\/UserFriendlyJustice\/","article_modified_time":"2026-04-07T11:30:27+00:00","og_image":[{"width":1200,"height":745,"url":"https:\/\/www.hiil.org\/wp-content\/uploads\/2026\/04\/BF-page.jpg","type":"image\/jpeg"}],"twitter_card":"summary_large_image","twitter_site":"@InnoJustice","twitter_misc":{"Dur\u00e9e de lecture estim\u00e9e":"8 minutes"},"schema":{"@context":"https:\/\/schema.org","@graph":[{"@type":"WebPage","@id":"https:\/\/www.hiil.org\/fr\/nos-programmes\/burkina-faso\/","url":"https:\/\/www.hiil.org\/fr\/nos-programmes\/burkina-faso\/","name":"Burkina Faso - HiiL","isPartOf":{"@id":"https:\/\/www.hiil.org\/fr\/#website"},"primaryImageOfPage":{"@id":"https:\/\/www.hiil.org\/fr\/nos-programmes\/burkina-faso\/#primaryimage"},"image":{"@id":"https:\/\/www.hiil.org\/fr\/nos-programmes\/burkina-faso\/#primaryimage"},"thumbnailUrl":"https:\/\/www.hiil.org\/wp-content\/uploads\/2026\/04\/BF-page.jpg","datePublished":"2022-10-17T12:21:44+00:00","dateModified":"2026-04-07T11:30:27+00:00","breadcrumb":{"@id":"https:\/\/www.hiil.org\/fr\/nos-programmes\/burkina-faso\/#breadcrumb"},"inLanguage":"fr-FR","potentialAction":[{"@type":"ReadAction","target":["https:\/\/www.hiil.org\/fr\/nos-programmes\/burkina-faso\/"]}]},{"@type":"ImageObject","inLanguage":"fr-FR","@id":"https:\/\/www.hiil.org\/fr\/nos-programmes\/burkina-faso\/#primaryimage","url":"https:\/\/www.hiil.org\/wp-content\/uploads\/2026\/04\/BF-page.jpg","contentUrl":"https:\/\/www.hiil.org\/wp-content\/uploads\/2026\/04\/BF-page.jpg","width":1200,"height":745},{"@type":"BreadcrumbList","@id":"https:\/\/www.hiil.org\/fr\/nos-programmes\/burkina-faso\/#breadcrumb","itemListElement":[{"@type":"ListItem","position":1,"name":"Home","item":"https:\/\/www.hiil.org\/fr\/"},{"@type":"ListItem","position":2,"name":"Nos programmes","item":"https:\/\/www.hiil.org\/fr\/programmes\/"},{"@type":"ListItem","position":3,"name":"Burkina Faso"}]},{"@type":"WebSite","@id":"https:\/\/www.hiil.org\/fr\/#website","url":"https:\/\/www.hiil.org\/fr\/","name":"HiiL","description":"Pour une justice ax\u00e9e sur les personnes","publisher":{"@id":"https:\/\/www.hiil.org\/fr\/#organization"},"potentialAction":[{"@type":"SearchAction","target":{"@type":"EntryPoint","urlTemplate":"https:\/\/www.hiil.org\/fr\/?s={search_term_string}"},"query-input":{"@type":"PropertyValueSpecification","valueRequired":true,"valueName":"search_term_string"}}],"inLanguage":"fr-FR"},{"@type":"Organization","@id":"https:\/\/www.hiil.org\/fr\/#organization","name":"HiiL","url":"https:\/\/www.hiil.org\/fr\/","logo":{"@type":"ImageObject","inLanguage":"fr-FR","@id":"https:\/\/www.hiil.org\/fr\/#\/schema\/logo\/image\/","url":"https:\/\/www.hiil.org\/wp-content\/uploads\/2018\/06\/temp_logo-e1528749988588.png","contentUrl":"https:\/\/www.hiil.org\/wp-content\/uploads\/2018\/06\/temp_logo-e1528749988588.png","width":112,"height":67,"caption":"HiiL"},"image":{"@id":"https:\/\/www.hiil.org\/fr\/#\/schema\/logo\/image\/"},"sameAs":["https:\/\/www.facebook.com\/UserFriendlyJustice\/","https:\/\/x.com\/InnoJustice","https:\/\/www.instagram.com\/userfriendlyjustice\/","https:\/\/www.linkedin.com\/company\/hiil-hague-institute-for-internationalisation-of-law\/"]}]}},"_links":{"self":[{"href":"https:\/\/www.hiil.org\/fr\/wp-json\/wp\/v2\/pages\/15487","targetHints":{"allow":["GET"]}}],"collection":[{"href":"https:\/\/www.hiil.org\/fr\/wp-json\/wp\/v2\/pages"}],"about":[{"href":"https:\/\/www.hiil.org\/fr\/wp-json\/wp\/v2\/types\/page"}],"author":[{"embeddable":true,"href":"https:\/\/www.hiil.org\/fr\/wp-json\/wp\/v2\/users\/3"}],"replies":[{"embeddable":true,"href":"https:\/\/www.hiil.org\/fr\/wp-json\/wp\/v2\/comments?post=15487"}],"version-history":[{"count":25,"href":"https:\/\/www.hiil.org\/fr\/wp-json\/wp\/v2\/pages\/15487\/revisions"}],"predecessor-version":[{"id":26934,"href":"https:\/\/www.hiil.org\/fr\/wp-json\/wp\/v2\/pages\/15487\/revisions\/26934"}],"up":[{"embeddable":true,"href":"https:\/\/www.hiil.org\/fr\/wp-json\/wp\/v2\/pages\/15490"}],"wp:featuredmedia":[{"embeddable":true,"href":"https:\/\/www.hiil.org\/fr\/wp-json\/wp\/v2\/media\/26930"}],"wp:attachment":[{"href":"https:\/\/www.hiil.org\/fr\/wp-json\/wp\/v2\/media?parent=15487"}],"curies":[{"name":"wp","href":"https:\/\/api.w.org\/{rel}","templated":true}]}}